{"id":4687,"date":"2025-02-12T13:28:57","date_gmt":"2025-02-12T13:28:57","guid":{"rendered":"https:\/\/wycos.ch\/?page_id=4687"},"modified":"2025-04-24T14:10:05","modified_gmt":"2025-04-24T14:10:05","slug":"emmental-cosmetics","status":"publish","type":"page","link":"https:\/\/wycos.ch\/fr\/products\/emmental-cosmetics\/","title":{"rendered":"Cosm\u00e9tiques Emmental"},"content":{"rendered":"<div class=\"wpb-content-wrapper\"><p>[vc_row full_width_css=\u00a0\u00bbstretch_row_content_no_spaces_css\u00a0\u00bb full_width=\u00a0\u00bbstretch_row_content_no_spaces\u00a0\u00bb conditional_render=\u00a0\u00bb%5B%7B%22value_role%22%3A%22administrator%22%7D%5D\u00a0\u00bb css_params=\u00a0\u00bb\u00a0\u00bb css=\u00a0\u00bb.vc_custom_1745500859756{background-image: url(https:\/\/wycos.ch\/wp-content\/uploads\/2025\/02\/header-produkte3.jpg?id=4978) !important;}\u00a0\u00bb][vc_column]<div class=\"page-top page-header-4   wpb_custom_6fec1a9924963cd81f0ea4c97071ae31\"><style>.page-top { background: none; border-bottom: none; } .page-top .page-title:not(.b-none):after { display: none; }<\/style><div class=\"container hide-title\">\r\n\t<div class=\"row align-items-center justify-content-end\">\r\n\t\t<div class=\"col-lg-6 d-none\">\r\n\t\t\t\t\t\t<h3 class=\"page-title\"><\/h3>\r\n\t\t\t\t\t<\/div>\r\n\t\t\t\t\t<div class=\"breadcrumbs-wrap col-lg-6\">\r\n\t\t\t\t<ul class=\"breadcrumb\" itemscope itemtype=\"https:\/\/schema.org\/BreadcrumbList\"><li class=\"home\" itemprop=\"itemListElement\" itemscope itemtype=\"https:\/\/schema.org\/ListItem\"><a itemprop=\"item\" href=\"https:\/\/wycos.ch\/fr\" title=\"Go to Home Page\"><span itemprop=\"name\">Home<\/span><\/a><meta itemprop=\"position\" content=\"3\" \/><i class=\"delimiter delimiter-2\"><\/i><\/li><\/ul>\t\t\t<\/div>\r\n\t\t\t\t\t<\/div>\r\n<\/div>\r\n<\/div>[\/vc_column][\/vc_row][vc_row][vc_column][vc_empty_space css_params=\u00a0\u00bb\u00a0\u00bb][\/vc_column][\/vc_row][vc_row][vc_column][vc_column_text css=\u00a0\u00bb\u00a0\u00bb css_params=\u00a0\u00bb\u00a0\u00bb]<\/p>\n<h3>Cosm\u00e9tiques Emmental<\/h3>\n<p>[\/vc_column_text][\/vc_column][\/vc_row][vc_row][vc_column][vc_column_text css=\u00a0\u00bb\u00a0\u00bb css_params=\u00a0\u00bb\u00a0\u00bb]<\/p>\n<p style=\"text-align: center;\"><img loading=\"lazy\" decoding=\"async\" class=\"alignnone wp-image-5444 size-large\" src=\"https:\/\/wycos.ch\/wp-content\/uploads\/2025\/04\/Emmental-Kosmetik-tutti-1024x576.jpg\" alt=\"\" width=\"1024\" height=\"576\" srcset=\"https:\/\/wycos.ch\/wp-content\/uploads\/2025\/04\/Emmental-Kosmetik-tutti-1024x576.jpg 1024w, https:\/\/wycos.ch\/wp-content\/uploads\/2025\/04\/Emmental-Kosmetik-tutti-768x432.jpg 768w, https:\/\/wycos.ch\/wp-content\/uploads\/2025\/04\/Emmental-Kosmetik-tutti-640x360.jpg 640w, https:\/\/wycos.ch\/wp-content\/uploads\/2025\/04\/Emmental-Kosmetik-tutti-400x225.jpg 400w, https:\/\/wycos.ch\/wp-content\/uploads\/2025\/04\/Emmental-Kosmetik-tutti-367x206.jpg 367w, https:\/\/wycos.ch\/wp-content\/uploads\/2025\/04\/Emmental-Kosmetik-tutti-600x337.jpg 600w\" sizes=\"auto, (max-width: 1024px) 100vw, 1024px\" \/><\/p>\n<p>[\/vc_column_text][\/vc_column][\/vc_row][vc_row][vc_column][vc_empty_space css_params=\u00a0\u00bb\u00a0\u00bb][\/vc_column][\/vc_row][vc_row][vc_column][vc_column_text css=\u00a0\u00bb\u00a0\u00bb css_params=\u00a0\u00bb\u00a0\u00bb]La localit\u00e9 est particuli\u00e8rement pris\u00e9e pour les produits cosm\u00e9tiques de l&rsquo;Emmental. Ils contiennent tous des extraits d&rsquo;herbes cultiv\u00e9es ici par nos agriculteurs biologiques ou sauvages dans l&rsquo;Emmental.<\/p>\n<p><a href=\"https:\/\/wycos.ch\/fr\/product-category\/emmental-cosmetics\/\"><span style=\"color: #99cc00;\"><strong><img loading=\"lazy\" decoding=\"async\" class=\"alignnone size-full wp-image-5252\" src=\"https:\/\/wycos.ch\/wp-content\/uploads\/2025\/04\/shopping-cart-1.png\" alt=\"\" width=\"20\" height=\"25\" \/> Voir les produits &gt;&gt;&gt;<\/strong><\/span><\/a>[\/vc_column_text][\/vc_column][\/vc_row][vc_row][vc_column][vc_empty_space height=\u00a0\u00bb150px\u00a0\u00bb css_params=\u00a0\u00bb\u00a0\u00bb][\/vc_column][\/vc_row]<\/p>\n<\/div>","protected":false},"excerpt":{"rendered":"<p>[vc_row full_width_css=\u00a0\u00bbstretch_row_content_no_spaces_css\u00a0\u00bb full_width=\u00a0\u00bbstretch_row_content_no_spaces\u00a0\u00bb conditional_render=\u00a0\u00bb%5B%7B%22value_role%22%3A%22administrator%22%7D%5D\u00a0\u00bb css_params=\u00a0\u00bb\u00a0\u00bb css=\u00a0\u00bb.vc_custom_1745500859756{background-image: url(https:\/\/wycos.ch\/wp-content\/uploads\/2025\/02\/header-produkte3.jpg?id=4978) !important;}\u00a0\u00bb][vc_column][\/vc_column][\/vc_row][vc_row][vc_column][vc_empty_space css_params=\u00a0\u00bb\u00a0\u00bb][\/vc_column][\/vc_row][vc_row][vc_column][vc_column_text css=\u00a0\u00bb\u00a0\u00bb css_params=\u00a0\u00bb\u00a0\u00bb] Cosm\u00e9tiques Emmental [\/vc_column_text][\/vc_column][\/vc_row][vc_row][vc_column][vc_column_text css=\u00a0\u00bb\u00a0\u00bb css_params=\u00a0\u00bb\u00a0\u00bb] [\/vc_column_text][\/vc_column][\/vc_row][vc_row][vc_column][vc_empty_space css_params=\u00a0\u00bb\u00a0\u00bb][\/vc_column][\/vc_row][vc_row][vc_column][vc_column_text css=\u00a0\u00bb\u00a0\u00bb css_params=\u00a0\u00bb\u00a0\u00bb]La localit\u00e9 est particuli\u00e8rement pris\u00e9e pour les produits cosm\u00e9tiques de l&rsquo;Emmental. Ils contiennent tous des extraits d&rsquo;herbes cultiv\u00e9es ici par nos agriculteurs biologiques ou sauvages dans l&rsquo;Emmental. Voir les produits &gt;&gt;&gt;[\/vc_column_text][\/vc_column][\/vc_row][vc_row][vc_column][vc_empty_space height=\u00a0\u00bb150px\u00a0\u00bb css_params=\u00a0\u00bb\u00a0\u00bb][\/vc_column][\/vc_row]<\/p>\n","protected":false},"author":1,"featured_media":0,"parent":4682,"menu_order":0,"comment_status":"closed","ping_status":"closed","template":"","meta":{"footnotes":""},"class_list":["post-4687","page","type-page","status-publish","hentry"],"_links":{"self":[{"href":"https:\/\/wycos.ch\/fr\/wp-json\/wp\/v2\/pages\/4687","targetHints":{"allow":["GET"]}}],"collection":[{"href":"https:\/\/wycos.ch\/fr\/wp-json\/wp\/v2\/pages"}],"about":[{"href":"https:\/\/wycos.ch\/fr\/wp-json\/wp\/v2\/types\/page"}],"author":[{"embeddable":true,"href":"https:\/\/wycos.ch\/fr\/wp-json\/wp\/v2\/users\/1"}],"replies":[{"embeddable":true,"href":"https:\/\/wycos.ch\/fr\/wp-json\/wp\/v2\/comments?post=4687"}],"version-history":[{"count":25,"href":"https:\/\/wycos.ch\/fr\/wp-json\/wp\/v2\/pages\/4687\/revisions"}],"predecessor-version":[{"id":5736,"href":"https:\/\/wycos.ch\/fr\/wp-json\/wp\/v2\/pages\/4687\/revisions\/5736"}],"up":[{"embeddable":true,"href":"https:\/\/wycos.ch\/fr\/wp-json\/wp\/v2\/pages\/4682"}],"wp:attachment":[{"href":"https:\/\/wycos.ch\/fr\/wp-json\/wp\/v2\/media?parent=4687"}],"curies":[{"name":"wp","href":"https:\/\/api.w.org\/{rel}","templated":true}]}}